{"id":1049,"date":"2021-11-23T15:11:07","date_gmt":"2021-11-23T15:11:07","guid":{"rendered":"https:\/\/dersim-fdg.org\/toplum"},"modified":"2026-07-28T18:41:00","modified_gmt":"2026-07-28T18:41:00","slug":"toplum","status":"publish","type":"page","link":"https:\/\/dersim-fdg.org\/tr\/toplum","title":{"rendered":"toplum"},"content":{"rendered":"\n<div class=\"et_pb_section_0 et_pb_section et_section_regular et_block_section\"><div class=\"et_pb_row_0 et_pb_row et_block_row\"><div class=\"et_pb_column_0 et_pb_column et_pb_column_1_2 et_block_column et_pb_css_mix_blend_mode_passthrough\"><div class=\"et_pb_text_0 et_pb_text et_pb_bg_layout_light et_pb_module et_block_module preset--module--divi-text--534cc526-6274-4e31-9e1a-7f18a5947bf1\"><div class=\"et_pb_text_inner\"><h4>Avrupa Dersim Belediyeler Federasyonu<\/h4>\n<\/div><\/div><div class=\"et_pb_text_1 et_pb_text et_pb_bg_layout_light et_pb_module et_block_module preset--module--divi-text--df96b77a-cd4f-44a8-a771-2d6347592b53\"><div class=\"et_pb_text_inner\"><h2>FDG <\/h2>\n<\/div><\/div><div class=\"et_pb_text_2 et_pb_text et_pb_bg_layout_light et_pb_module et_block_module preset--module--divi-text--5ff55506-da7d-4dd7-b409-9d62c7203201\"><div class=\"et_pb_text_inner\"><p>2006 y\u0131l\u0131nda Almanya ve di\u011fer baz\u0131 Avrupa \u00fclkelerinde \u00e7e\u015fitli dernekler g\u00fc\u00e7lerini birle\u015ftirerek Avrupa Dersim Belediyeleri Federasyonu'nu (FDG) kurdular.<br \/>\nBu federasyonun amac\u0131 ayn\u0131 zamanda bu derneklerin k\u00fclt\u00fcrel faaliyetlerini ve Dersim halk\u0131n\u0131n Avrupa'ya entegrasyonunu te\u015fvik etmek ve Dersim ile dayan\u0131\u015fma \u00e7al\u0131\u015fmalar\u0131n\u0131 koordine etmektir.<br \/>\nTemalar Dersimlilerin do\u011fas\u0131, k\u00fclt\u00fcr\u00fc ve an\u0131lar\u0131d\u0131r.  <\/p>\n<p>Biz Dersimer kul\u00fcplerinin Avrupa'daki \u00e7at\u0131 kurulu\u015fuyuz. K\u0131rman\u00e7 \/ Zaza Alevilerini temsil ediyoruz. Avrupa'da bu k\u00fclt\u00fcre ait oldu\u011funu hisseden yakla\u015f\u0131k 250.000 - 300.000 ki\u015fi ya\u015f\u0131yor.<\/p>\n<p>\u00d6rne\u011fin kul\u00fcplerimizin g\u00f6revleri.<\/p>\n<ul>\n<li>Sosyal konularda tavsiyeler, yetkililerle ili\u015fkiler.<\/li>\n<li>G\u00f6\u00e7men ailelerde, ya\u015fl\u0131larda, kad\u0131nlarda ve gen\u00e7lerde daha iyi e\u011fitim f\u0131rsatlar\u0131 i\u00e7in yeterlilik.<\/li>\n<li>Di\u011fer g\u00f6\u00e7menler, kurulu\u015flar ve dernek temsilcileriyle a\u011f kurma.<\/li>\n<li>Her y\u0131l May\u0131s ay\u0131nda FDG, TERTELE 37\/38'i (Dersimlilerin soyk\u0131r\u0131m\u0131) anmak i\u00e7in b\u00fcy\u00fck bir etkinlik d\u00fczenler.<\/li>\n<li>Avrupa'da Dersimlilerin geleneksel bayramlar\u0131n\u0131n ya\u015fat\u0131lmas\u0131. Di\u011fer \u015feylerin yan\u0131 s\u0131ra Gagan Festivali, Xeylas Festivali ve ayr\u0131ca M\u00fcsl\u00fcman Kurban Bayram\u0131.<\/li>\n<li>Dil Dersleri, Zaza - Dil Dersleri.<\/li>\n<li>Dans, m\u00fczik ve folklor gruplar\u0131 ve gen\u00e7lik gruplar\u0131.<\/li>\n<\/ul>\n<p>Hedeflerimizi ve faaliyet alanlar\u0131m\u0131z\u0131 da ana s\u00f6zle\u015fmemizde bulabilirsiniz.<br \/><a href=\"http:\/\/www.dersim-online.de\/download\/Satzung-der-FDG.pdf\" target=\"_blank\" rel=\"noopener\" title=\"Satzung der FDG.pdf\">Satzung der FDG.pdf<\/a><\/p>\n<\/div><\/div><\/div><div class=\"et_pb_column_1 et_pb_column et_pb_column_1_2 et-last-child et_block_column et_pb_css_mix_blend_mode_passthrough\"><div class=\"et_pb_image_0 et_pb_image et_pb_module et_block_module\"><span class=\"et_pb_image_wrap\"><img loading=\"lazy\" decoding=\"async\" src=\"https:\/\/dersim-fdg.org\/wp-content\/uploads\/2021\/11\/cropped-logo-fdg-2018-klein-1-1.png\" width=\"512\" height=\"512\" srcset=\"https:\/\/dersim-fdg.org\/wp-content\/uploads\/2021\/11\/cropped-logo-fdg-2018-klein-1-1.png 512w, https:\/\/dersim-fdg.org\/wp-content\/uploads\/2021\/11\/cropped-logo-fdg-2018-klein-1-1-480x480.png 480w\" sizes=\"(min-width: 0px) and (max-width: 480px) 480px, (min-width: 481px) 512px, 100vw\" class=\"wp-image-1352\" title=\"cropped-logo-fdg-2018-klein-1\" \/><\/span><\/div><\/div><\/div><div class=\"et_pb_row_1 et_pb_row et_block_row\"><div class=\"et_pb_column_2 et_pb_column et_pb_column_4_4 et-last-child et_block_column et_pb_css_mix_blend_mode_passthrough\"><div class=\"et_pb_text_3 et_pb_text et_pb_bg_layout_light et_pb_module et_block_module preset--module--divi-text--default\"><div class=\"et_pb_text_inner\"><h2>FDG'nin ileti\u015fim bilgileri<\/h2>\n<\/div><\/div><div class=\"et_pb_blurb_0 et_pb_blurb et_pb_bg_layout_light et_pb_blurb_position_left et_pb_module et_block_module\"><div class=\"et_pb_blurb_content\"><div class=\"et_pb_main_blurb_image et_animated\"><span class=\"et_pb_image_wrap et_pb_only_image_mode_wrap\"><img loading=\"lazy\" decoding=\"async\" src=\"https:\/\/dersim-fdg.org\/wp-content\/uploads\/2021\/11\/ngo-icon-17.png\" width=\"80\" height=\"80\" srcset=\"https:\/\/dersim-fdg.org\/wp-content\/uploads\/2021\/11\/ngo-icon-17.png 80w\" sizes=\"(max-width: 80px) 100vw, 80px\" class=\"wp-image-554\" \/><\/span><\/div><div class=\"et_pb_blurb_container\"><h2 class=\"et_pb_module_header\">FDG<\/h2><div class=\"et_pb_blurb_description\"><h4>F\u00f6deration der Dersim Gemeinden in Europa e.V.<\/h4>\n<h4>Waterloo - Ufer 7 <\/h4>\n<h4> 10961 Berlin<\/h4>\n<p>Email: <a href=\"mailto:fdg.europa@gmail.com\" target=\"_blank\" rel=\"noopener\">fdg.europa@gmail.com<\/a><\/p>\n<p>Tel: 0171 8321787<\/p>\n<\/div><\/div><\/div><\/div><div class=\"et_pb_text_4 et_pb_text et_pb_bg_layout_light et_pb_module et_block_module preset--module--divi-text--default\"><div class=\"et_pb_text_inner\"><h2>kul\u00fcplerimiz<\/h2>\n<\/div><\/div><div class=\"et_pb_blurb_1 et_pb_blurb et_pb_bg_layout_light et_pb_blurb_position_left et_pb_module et_block_module\"><div class=\"et_pb_blurb_content\"><div class=\"et_pb_main_blurb_image et_animated\"><span class=\"et_pb_image_wrap et_pb_only_image_mode_wrap\"><img loading=\"lazy\" decoding=\"async\" src=\"https:\/\/dersim-fdg.org\/wp-content\/uploads\/2021\/11\/ngo-icon-17.png\" width=\"80\" height=\"80\" srcset=\"https:\/\/dersim-fdg.org\/wp-content\/uploads\/2021\/11\/ngo-icon-17.png 80w\" sizes=\"(max-width: 80px) 100vw, 80px\" class=\"wp-image-554\" \/><\/span><\/div><div class=\"et_pb_blurb_container\"><h2 class=\"et_pb_module_header\">Berlin<\/h2><div class=\"et_pb_blurb_description\"><h4>Dersimer Kultur Gemeinde Berlin e.V.<\/h4>\n<p>Waterlooufer 7<br \/>10961 Berlin<br \/>Tel: 030 612 83 113<br \/>Email: <a href=\"mailto:dersimberlin@gmail.com\" target=\"_blank\" rel=\"noopener\">dersimberlin@gmail.com<\/a><br \/>Web: <a href=\"http:\/\/dersimkulturdernegi.com\/\" target=\"_blank\" rel=\"noopener\">http:\/\/dersimkulturdernegi.com\/<\/a><\/p>\n<\/div><\/div><\/div><\/div><div class=\"et_pb_blurb_2 et_pb_blurb et_pb_bg_layout_light et_pb_blurb_position_left et_clickable et_pb_module et_block_module\"><div class=\"et_pb_blurb_content\"><div class=\"et_pb_main_blurb_image et_animated\"><span class=\"et_pb_image_wrap\"><span class=\"et-pb-icon\">\ue03c<\/span><\/span><\/div><div class=\"et_pb_blurb_container\"><h2 class=\"et_pb_module_header\">Berlin<\/h2><div class=\"et_pb_blurb_description\"><h3><span style=\"color: #00ccff;\">Ek Bilgiler<\/span><\/h3>\n<\/div><\/div><\/div><\/div><div class=\"et_pb_blurb_3 et_pb_blurb et_pb_bg_layout_light et_pb_blurb_position_left et_pb_module et_block_module\"><div class=\"et_pb_blurb_content\"><div class=\"et_pb_main_blurb_image et_animated\"><span class=\"et_pb_image_wrap et_pb_only_image_mode_wrap\"><img loading=\"lazy\" decoding=\"async\" src=\"https:\/\/dersim-fdg.org\/wp-content\/uploads\/2021\/11\/ngo-icon-17.png\" width=\"80\" height=\"80\" srcset=\"https:\/\/dersim-fdg.org\/wp-content\/uploads\/2021\/11\/ngo-icon-17.png 80w\" sizes=\"(max-width: 80px) 100vw, 80px\" class=\"wp-image-554\" \/><\/span><\/div><div class=\"et_pb_blurb_container\"><h2 class=\"et_pb_module_header\">K\u00f6ln<\/h2><div class=\"et_pb_blurb_description\"><h4>Dersim Gemeinde K\u00f6ln e.V.<\/h4>\n<p>Bleichstr. 1<br \/>51063 K\u00f6ln<br \/>Email: <a href=\"mailto:dgk@dersimweb.de\">dgk@dersimweb.de<\/a><br \/>Web:<a href=\"http:\/\/dersimweb.de\" target=\"_blank\" rel=\"noopener\"> dersimweb.de<\/a><\/p>\n<\/div><\/div><\/div><\/div><div class=\"et_pb_blurb_4 et_pb_blurb et_pb_bg_layout_light et_pb_blurb_position_left et_clickable et_pb_module et_block_module\"><div class=\"et_pb_blurb_content\"><div class=\"et_pb_main_blurb_image et_animated\"><span class=\"et_pb_image_wrap\"><span class=\"et-pb-icon\">\ue03c<\/span><\/span><\/div><div class=\"et_pb_blurb_container\"><h2 class=\"et_pb_module_header\">K\u00f6ln<\/h2><div class=\"et_pb_blurb_description\"><h3><span style=\"color: #00ccff;\">Ek Bilgiler<\/span><\/h3>\n<\/div><\/div><\/div><\/div><div class=\"et_pb_blurb_5 et_pb_blurb et_pb_bg_layout_light et_pb_blurb_position_left et_pb_module et_block_module\"><div class=\"et_pb_blurb_content\"><div class=\"et_pb_main_blurb_image et_animated\"><span class=\"et_pb_image_wrap et_pb_only_image_mode_wrap\"><img loading=\"lazy\" decoding=\"async\" src=\"https:\/\/dersim-fdg.org\/wp-content\/uploads\/2021\/11\/ngo-icon-17.png\" width=\"80\" height=\"80\" srcset=\"https:\/\/dersim-fdg.org\/wp-content\/uploads\/2021\/11\/ngo-icon-17.png 80w\" sizes=\"(max-width: 80px) 100vw, 80px\" class=\"wp-image-554\" \/><\/span><\/div><div class=\"et_pb_blurb_container\"><h2 class=\"et_pb_module_header\">Westfalen<\/h2><div class=\"et_pb_blurb_description\"><h4>Dersim Gemeinde Westfalen e. V.<\/h4>\n<p>Beuthstr. 21<br \/>44147 Dortmund<br \/>Tel: 0176 27 27 0182<\/p>\n<\/div><\/div><\/div><\/div><div class=\"et_pb_blurb_6 et_pb_blurb et_pb_bg_layout_light et_pb_blurb_position_left et_clickable et_pb_module et_block_module\"><div class=\"et_pb_blurb_content\"><div class=\"et_pb_main_blurb_image et_animated\"><span class=\"et_pb_image_wrap\"><span class=\"et-pb-icon\">\ue03c<\/span><\/span><\/div><div class=\"et_pb_blurb_container\"><h2 class=\"et_pb_module_header\">Westfalen<\/h2><div class=\"et_pb_blurb_description\"><h3><span style=\"color: #00ccff;\">Ek Bilgiler<\/span><\/h3>\n<\/div><\/div><\/div><\/div><div class=\"et_pb_blurb_7 et_pb_blurb et_pb_bg_layout_light et_pb_blurb_position_left et_pb_module et_block_module\"><div class=\"et_pb_blurb_content\"><div class=\"et_pb_main_blurb_image et_animated\"><span class=\"et_pb_image_wrap et_pb_only_image_mode_wrap\"><img loading=\"lazy\" decoding=\"async\" src=\"https:\/\/dersim-fdg.org\/wp-content\/uploads\/2021\/11\/ngo-icon-17.png\" width=\"80\" height=\"80\" srcset=\"https:\/\/dersim-fdg.org\/wp-content\/uploads\/2021\/11\/ngo-icon-17.png 80w\" sizes=\"(max-width: 80px) 100vw, 80px\" class=\"wp-image-554\" \/><\/span><\/div><div class=\"et_pb_blurb_container\"><h2 class=\"et_pb_module_header\">Mannheim<\/h2><div class=\"et_pb_blurb_description\"><h4>Zaza Kulturhaus e.V. Mannheim \/<br \/>Bon\u00ea Kultur\u00ea Ma e.V<\/h4>\n<p>C\/o Ali Haydar Varul<br \/>Schwetzinger Str. 89<br \/>68124 Heidelberg<br \/>E- Mail: <a href=\"mailto:varuldiyar@hotmail.de\" target=\"_blank\" rel=\"noopener\">varuldiyar@hotmail.de<\/a><br \/>Tel: 0176 23 8022 80<a href=\"mailto:dgk@dersimweb.de\"><\/a><\/p>\n<\/div><\/div><\/div><\/div><div class=\"et_pb_blurb_8 et_pb_blurb et_pb_bg_layout_light et_pb_blurb_position_left et_clickable et_pb_module et_block_module\"><div class=\"et_pb_blurb_content\"><div class=\"et_pb_main_blurb_image et_animated\"><span class=\"et_pb_image_wrap\"><span class=\"et-pb-icon\">\ue03c<\/span><\/span><\/div><div class=\"et_pb_blurb_container\"><h2 class=\"et_pb_module_header\">Mannheim<\/h2><div class=\"et_pb_blurb_description\"><h3><span style=\"color: #00ccff;\">Ek Bilgiler<\/span><\/h3>\n<\/div><\/div><\/div><\/div><\/div><\/div><\/div><div class=\"et_pb_section_1 et_pb_section et_section_regular et_block_section\"><div class=\"et_pb_row_2 et_pb_row et_block_row\"><div class=\"et_pb_column_3 et_pb_column et_pb_column_4_4 et-last-child et_block_column et_pb_css_mix_blend_mode_passthrough\"><div class=\"et_pb_text_5 et_pb_text et_pb_bg_layout_light et_pb_module et_block_module preset--module--divi-text--df96b77a-cd4f-44a8-a771-2d6347592b53\"><div class=\"et_pb_text_inner\"><h2>FDG<\/h2>\n<\/div><\/div><div class=\"et_pb_text_6 et_pb_text et_pb_bg_layout_dark et_pb_module et_block_module et_pb_text_align_center preset--module--divi-text--default\"><div class=\"et_pb_text_inner\"><h3>Du hast eine bessere \u00dcbersetzung?<\/h3>\n<p>Hilf uns die Seite in deutsch, t\u00fcrkisch, englisch und zaza bereit zu stellen. Schreibe uns eine Email mit deinen Verbessungsvorschl\u00e4gen.<\/p>\n<\/div><\/div><\/div><\/div><\/div>\n","protected":false},"excerpt":{"rendered":"","protected":false},"author":1,"featured_media":0,"parent":0,"menu_order":0,"comment_status":"closed","ping_status":"closed","template":"","meta":{"footnotes":""},"class_list":["post-1049","page","type-page","status-publish","hentry"],"_links":{"self":[{"href":"https:\/\/dersim-fdg.org\/tr\/wp-json\/wp\/v2\/pages\/1049","targetHints":{"allow":["GET"]}}],"collection":[{"href":"https:\/\/dersim-fdg.org\/tr\/wp-json\/wp\/v2\/pages"}],"about":[{"href":"https:\/\/dersim-fdg.org\/tr\/wp-json\/wp\/v2\/types\/page"}],"author":[{"embeddable":true,"href":"https:\/\/dersim-fdg.org\/tr\/wp-json\/wp\/v2\/users\/1"}],"replies":[{"embeddable":true,"href":"https:\/\/dersim-fdg.org\/tr\/wp-json\/wp\/v2\/comments?post=1049"}],"version-history":[{"count":1,"href":"https:\/\/dersim-fdg.org\/tr\/wp-json\/wp\/v2\/pages\/1049\/revisions"}],"predecessor-version":[{"id":8469,"href":"https:\/\/dersim-fdg.org\/tr\/wp-json\/wp\/v2\/pages\/1049\/revisions\/8469"}],"wp:attachment":[{"href":"https:\/\/dersim-fdg.org\/tr\/wp-json\/wp\/v2\/media?parent=1049"}],"curies":[{"name":"wp","href":"https:\/\/api.w.org\/{rel}","templated":true}]}}